{"version":"1.0","provider_name":"M\u00e1t\u00e9 Claudia photography","provider_url":"https:\/\/claudiaphotography.cafeblog.hu","author_name":"Claudia Photography","author_url":"https:\/\/claudiaphotography.cafeblog.hu\/author\/claudia_photography\/","title":"Torn\u00e1zz \u00fagy mint a szupermodellek!","html":"<p class=\"font_8\" style=\"text-align: center\">A csapb\u00f3l is folynak a k\u00fcl\u00f6nb\u00f6z\u0151 fitness vide\u00f3k. Nehezen lehet kisz\u0171rni m\u00e1r manaps\u00e1g, melyik az igaz\u00e1n hat\u00e9kony edz\u00e9sterv!<\/p>\r\n<p class=\"font_8\" style=\"text-align: center\">Aki szint\u00e9n belekavarodott a fitness vil\u00e1g\u00e1ba, annak aj\u00e1nlom a szupermodellek \u00e1ltal k\u00e9sz\u00edtett fitness edz\u00e9svide\u00f3kat, mivel ezek a N\u0151k a mai napig bomba form\u00e1ban vannak.<\/p>\r\n<p class=\"font_8\" style=\"text-align: center\">\u00cdgy sz\u00e1momra teljesen hiteles!<\/p>\r\n<p class=\"font_8\" style=\"text-align: center\">\u00d6sszegy\u0171jt\u00f6ttem \u00f6t r\u00e9gi szupermodellt!<\/p>\r\n<p class=\"font_8\" style=\"text-align: center\">K\u00f6z\u00fcl\u00fck k\u00e9nyelmesen lehet v\u00e1lasztani, vagy ak\u00e1r felv\u00e1ltva haszn\u00e1lni a fitness vide\u00f3ikat.<\/p>\r\n<p class=\"font_8\" style=\"text-align: center\">N\u00e9zd meg, hogy tartj\u00e1k m\u00e9g ma is magukat! Enn\u00e9l nagyobb referencia nem kell, hogy amit \u0150k csin\u00e1lnak az szuperj\u00f3!<\/p>\r\n<p class=\"font_8\" style=\"text-align: center\">\u00a0<\/p>\r\n<p class=\"font_8\" style=\"text-align: center\">\u00a0<\/p>\r\n<p class=\"font_8\" style=\"text-align: center\">\u00a0<\/p>\r\n<h3 class=\"font_3\" style=\"text-align: center\">B\u00edr\u00f3 Ica - Testsz\u00e9p\u00edt\u00e9s 1.<\/h3>\r\n<p>&nbsp;<\/p>\r\n<p>[embed]https:\/\/www.youtube.com\/watch?v=vGLy7Z8CAIw[\/embed]<\/p>\r\n<p>&nbsp;<\/p>\r\n<p class=\"font_8\" style=\"text-align: center\">Kezd\u0151knek is k\u00f6nnyen elv\u00e9gezhet\u0151 c\u00e9lzott m\u00e9ly izommunka minden izomcsoportra. Hat\u00e9kony fogy\u00e1s, zs\u00edr\u00e9get\u00e9s, + narancsb\u0151r elleni massz\u00e1zsprogram.<\/p>\r\n<p class=\"font_8\" style=\"text-align: center\">\u00a0<\/p>\r\n<h3 class=\"font_3\" style=\"text-align: center\">El\u00e1rulta a titk\u00e1t B\u00edr\u00f3 Ica: \u00e9rdemes k\u00f6vetni<\/h3>\r\n<h3 class=\"font_3\" style=\"text-align: center\">\u00a0<\/h3>\r\n<h3 class=\"font_3\" style=\"text-align: center\">Egy fitneszszak\u00e9rt\u0151 t\u00e9nyleg tudja, mit \u00e9rdemes t\u00e1pl\u00e1l\u00e9kk\u00e9nt bevinni a szervezet\u00fcnkbe, \u00e9s mit nem.<\/h3>\r\n<p>&nbsp;<\/p>\r\n<div id=\"innercomp_txtMediabfr\" class=\"s_heNoSkinPhoto\" style=\"text-align: center\" title=\"\">\r\n<div id=\"innercomp_txtMediabfrlink\" class=\"s_heNoSkinPhotolink\">\r\n<div id=\"innercomp_txtMediabfrimg\" class=\"s_heNoSkinPhotoimg\"><img id=\"innercomp_txtMediabfrimgimage\" src=\"https:\/\/claudiaphotography.cafeblog.hu\/files\/2018\/11\/a77a51_a758852b435343fa92e0e2ea0b86f666mv2-1.jpg\" alt=\"\" \/><\/div>\r\n<\/div>\r\n<\/div>\r\n<h3 class=\"font_3\" style=\"text-align: center\">\u00a0<\/h3>\r\n<h3 class=\"font_3\" style=\"text-align: center\">B\u00edr\u00f3 Ica azon t\u00fal, hogy tudom\u00e1nyos alaposs\u00e1ggal boncolgatja a t\u00e9m\u00e1t, eg\u00e9szen m\u00e1s n\u00e9z\u0151pontb\u00f3l k\u00f6zel\u00edti meg a t\u00e1pl\u00e1lkoz\u00e1s l\u00e9nyeg\u00e9t.<\/h3>\r\n<p class=\"font_9\" style=\"text-align: center\">\u2013 Nem v\u00e9letlen\u00fcl mondj\u00e1k az asztaln\u00e1l, hogy v\u00e1lj\u00e9k eg\u00e9szs\u00e9g\u00fcnkre. Mert, ha ezzel a pozit\u00edv attit\u0171ddel esz\u00fcnk, biztosak lehet\u00fcnk benne, hogy val\u00f3ban az eg\u00e9szs\u00e9g\u00fcnket szolg\u00e1lja minden falat \u2013 mondta Ica a Foodynynek. \u2013 Komolyan kell venni ezt, ahogy a szorong\u00e1st \u00e9s a lekiismeret-furdal\u00e1st is, hiszen aki azt mondogatja mag\u00e1nak, hogy m\u00e9g a v\u00edzt\u0151l is h\u00edzik, az t\u00e9nyleg k\u00f6nnyebben szed fel kil\u00f3kat, mint m\u00e1s. Ak\u00e1rmennyire azt \u00e9rzed, hogy van rajtad felesleg, rettegve sose egy\u00e9l! Az ember ugyanis a test, a l\u00e9lek \u00e9s a szellem egys\u00e9ge. Minden mindenre befoly\u00e1ssal van.<\/p>\r\n<p class=\"font_9\" style=\"text-align: center\">\u00a0<\/p>\r\n<p class=\"font_9\" style=\"text-align: center\">Ica szerint a t\u00e1pl\u00e1lkoz\u00e1s arr\u00f3l sz\u00f3l, hogy a test\u00fcnket sejtszinten t\u00e1pl\u00e1ljuk.<\/p>\r\n<p class=\"font_9\" style=\"text-align: center\">A tartalomra \u00e9s a min\u0151s\u00e9gre is oda kell figyelni, illetve arra, hogy \u00e9ppen mit k\u00edv\u00e1nunk. Ez nem valami h\u00f3kuszp\u00f3kusz, hanem bizony\u00edtott t\u00e9ny: \u00e1ltal\u00e1ban arra van sz\u00fcks\u00e9g\u00fcnk, amire a szervezet\u00fcnk \u00e1h\u00edtozik \u2013 magyar\u00e1zza a fitneszszak\u00e9rt\u0151. \u2013 Term\u00e9szetesen fontos a m\u00e9rt\u00e9kletess\u00e9g, semmit sem szabad t\u00falz\u00e1sba vinni. \u00c9hesen soha ne menj\u00fcnk v\u00e1s\u00e1rolni, mert mindent megvesz\u00fcnk! A l\u00e9nyeg: minden ott d\u0151l el, hogy mit hozol haza a boltb\u00f3l. Otthon ugyanis azt eszed majd.<\/p>\r\n<p class=\"font_9\" style=\"text-align: center\">\u00a0<\/p>\r\n<div id=\"innercomp_txtMediagqg\" class=\"s_heNoSkinPhoto\" style=\"text-align: center\" title=\"\">\r\n<div id=\"innercomp_txtMediagqglink\" class=\"s_heNoSkinPhotolink\">\r\n<div id=\"innercomp_txtMediagqgimg\" class=\"s_heNoSkinPhotoimg\"><img id=\"innercomp_txtMediagqgimgimage\" src=\"https:\/\/claudiaphotography.cafeblog.hu\/files\/2018\/11\/a77a51_435ff7d470804f98a3f5410b3b6715c4mv2-1.jpg\" alt=\"\" \/><\/div>\r\n<\/div>\r\n<\/div>\r\n<p class=\"font_9\" style=\"text-align: center\">\u00a0<\/p>\r\n<p class=\"font_9\" style=\"text-align: center\"><a href=\"http:\/\/www.blikk.hu\/eletmod\/egeszseg\/elarulta-titkat-biro-ica-erdemes-kovetni\/z0sh484\" target=\"_blank\" rel=\"nofollow noopener\">Tov\u00e1bb a cikkre: <\/a><a href=\"http:\/\/www.blikk.hu\/eletmod\/egeszseg\/elarulta-titkat-biro-ica-erdemes-kovetni\/z0sh484\" target=\"_blank\" rel=\"nofollow noopener\">http:\/\/www.blikk.hu\/eletmod\/egeszseg\/elarulta-titkat-biro-ica-erdemes-kovetni\/z0sh484<\/a><\/p>\r\n<p>&nbsp;<\/p>\r\n<h3>\u00a0<\/h3>\r\n<h3 style=\"text-align: center\">Claudia Schiffer Fitness<\/h3>\r\n<p>&nbsp;<\/p>\r\n<p>[embed]https:\/\/www.youtube.com\/watch?time_continue=1350&amp;v=HdW_1ebXCsQ[\/embed]<\/p>\r\n<h3>\u00a0<\/h3>\r\n<h3 class=\"font_3\" style=\"text-align: center\">48 \u00e9ves a bomban\u0151: \u00edme, Claudia Schiffer di\u00e9ta- \u00e9s fitnesztitkai!<\/h3>\r\n<p>&nbsp;<\/p>\r\n<div id=\"innercomp_txtMediao\" class=\"s_heNoSkinPhoto\" style=\"text-align: center\" title=\"\">\r\n<div id=\"innercomp_txtMediaolink\" class=\"s_heNoSkinPhotolink\">\r\n<div id=\"innercomp_txtMediaoimg\" class=\"s_heNoSkinPhotoimg\"><img id=\"innercomp_txtMediaoimgimage\" src=\"https:\/\/claudiaphotography.cafeblog.hu\/files\/2018\/11\/a77a51_c55faf5efd0c4db5925617e1f08a7576mv2-1.jpg\" alt=\"\" \/><\/div>\r\n<\/div>\r\n<\/div>\r\n<h3 class=\"font_3\" style=\"text-align: center\"><span class=\"inherit-font-size\">\u00a0<\/span><\/h3>\r\n<h3 class=\"font_3\" style=\"text-align: center\">A kilencvenes \u00e9vek egyik legkeresettebb modelljek\u00e9nt Claudia Schiffer mindennapjainak is r\u00e9sze volt a di\u00e9t\u00e1z\u00e1s. Ma m\u00e1r fontosnak tartja, hogy ne vonjon meg mag\u00e1t\u00f3l semmit, teh\u00e1t ha egy kis csokit k\u00edv\u00e1n, akkor megeszik n\u00e9h\u00e1ny kock\u00e1nyit. Emellett \u00fcgyel a rendszeres \u00e9s eg\u00e9szs\u00e9ges t\u00e1pl\u00e1lkoz\u00e1sra is: a h\u00e1rom f\u0151\u00e9tkez\u00e9s sor\u00e1n sok bio \u00e9lelmiszer ker\u00fcl a t\u00e1ny\u00e9rj\u00e1ra, mert ezekben t\u00f6bb.<\/h3>\r\n<h3 class=\"font_3\" style=\"text-align: center\">\u00a0<\/h3>\r\n<div id=\"innercomp_txtMedia1752\" class=\"s_heNoSkinPhoto\" style=\"text-align: center\" title=\"\">\r\n<div id=\"innercomp_txtMedia1752link\" class=\"s_heNoSkinPhotolink\">\r\n<div id=\"innercomp_txtMedia1752img\" class=\"s_heNoSkinPhotoimg\"><img id=\"innercomp_txtMedia1752imgimage\" src=\"https:\/\/claudiaphotography.cafeblog.hu\/files\/2018\/11\/a77a51_e36617a0966840b58e9b12dfda6fd09fmv2-1.jpg\" alt=\"\" \/><\/div>\r\n<\/div>\r\n<\/div>\r\n<p>&nbsp;<\/p>\r\n<p class=\"font_9\" style=\"text-align: center\">A kilencvenes \u00e9vek egyik legkeresettebb modelljek\u00e9nt Claudia Schiffer mindennapjainak is r\u00e9sze volt a di\u00e9t\u00e1z\u00e1s. Ma m\u00e1r fontosnak tartja, hogy ne vonjon meg mag\u00e1t\u00f3l semmit, teh\u00e1t ha egy kis csokit k\u00edv\u00e1n, akkor megeszik n\u00e9h\u00e1ny kock\u00e1nyit.<\/p>\r\n<p class=\"font_9\" style=\"text-align: center\">Emellett \u00fcgyel a rendszeres \u00e9s eg\u00e9szs\u00e9ges t\u00e1pl\u00e1lkoz\u00e1sra is: a h\u00e1rom f\u0151\u00e9tkez\u00e9s sor\u00e1n sok bio \u00e9lelmiszer ker\u00fcl a t\u00e1ny\u00e9rj\u00e1ra, mert ezekben t\u00f6bb a vitamin \u00e9s a t\u00e1panyag, mint a hagyom\u00e1nyos \u00e9telekben. Erre pedig nemcsak \u00f6nmaga, hanem h\u00e1rom gyermeke miatt is fontos odafigyelnie.<\/p>\r\n<p class=\"font_9\" style=\"text-align: center\">\u00a0<\/p>\r\n<p class=\"font_9\" style=\"text-align: center\">Claudia a terhess\u00e9gei ut\u00e1n is mindig hamar visszanyerte irigyl\u00e9sre m\u00e9lt\u00f3 alakj\u00e1t. Ennek szerinte az a titka, hogy a v\u00e1rand\u00f3ss\u00e1g idej\u00e9n is \u00fcgyelt r\u00e1, mit \u00e9s mennyit eszik, valamint m\u00e9g nagy pocakkal is fontosnak tartotta a mozg\u00e1st: Claudia a Pilates nagy rajong\u00f3ja.<\/p>\r\n<p class=\"font_9\" style=\"text-align: center\">\u00a0<\/p>\r\n<p class=\"font_9\" style=\"text-align: center\"><a href=\"https:\/\/wellnesscafe.hu\/aktualis\/2010-09\/40-eves-a-bombano-ime-claudia-schiffer-dieta-es-fitnesztitkai\/\" target=\"_blank\" rel=\"nofollow noopener\">Tov\u00e1bb a cikkre: https:\/\/wellnesscafe.hu\/aktualis\/2010-09\/40-eves-a-bombano-ime-claudia-schiffer-dieta-es-fitnesztitkai\/<\/a><\/p>\r\n<p>&nbsp;<\/p>\r\n<h3>\u00a0<\/h3>\r\n<h3 class=\"font_3\" style=\"text-align: center\">Cindy Crawford Fitness<\/h3>\r\n<p>&nbsp;<\/p>\r\n<p>[embed]https:\/\/www.youtube.com\/watch?time_continue=2145&amp;v=34EzWqMDAIs[\/embed]<\/p>\r\n<h3>\u00a0<\/h3>\r\n<h3 class=\"font_3\" style=\"text-align: center\">Ezt a di\u00e9t\u00e1t tartja \u00e9vtizedek \u00f3ta Cindy Crawford<\/h3>\r\n<h3 class=\"font_3\" style=\"text-align: center\">\u00edgy n\u00e9z ki most<\/h3>\r\n<p>&nbsp;<\/p>\r\n<p><img class=\" wp-image-1155 aligncenter\" src=\"https:\/\/claudiaphotography.cafeblog.hu\/files\/2018\/11\/f817ec6676f1f5140d4dd38a9d933d16-206x300.jpg\" alt=\"\" width=\"563\" height=\"820\" \/><\/p>\r\n<h3>\u00a0<\/h3>\r\n<h3 class=\"font_3\">Az id\u00e9n 52 \u00e9ves Cindy Crawford \u00e1ll\u00edtja, hogy egyetlen t\u00fals\u00e1gosan szigor\u00fa di\u00e9ta sem hozhat tart\u00f3s eredm\u00e9nyt - \u00edgy azt\u00e1n \u0151 soha nem is \u00e9lt egyikkel sem, ink\u00e1bb kidolgozta a saj\u00e1t, megenged\u0151bb, \u00e9lhet\u0151bb v\u00e1ltozat\u00e1t - amibe belef\u00e9r, ak\u00e1r napi egy-egy gomb\u00f3c fagylalt is.<\/h3>\r\n<p class=\"font_8\">\u00a0<\/p>\r\n<p class=\"font_9\">A bomba form\u00e1ban l\u00e9v\u0151 Cindy Crawford mott\u00f3ja: \"az id\u0151nk 80 sz\u00e1zal\u00e9k\u00e1ban legyen legal\u00e1bb 80 sz\u00e1zal\u00e9k j\u00f3.\"<\/p>\r\n<p class=\"font_9\">\"Soha nem akartam olyan anya lenni, akinke arr\u00f3l sz\u00f3l az \u00e9lete, hogy 'jaj, ezt sem ehetem meg, azt sem ehetem meg'. Nem hiszem, hogy ezzel j\u00f3 p\u00e9ld\u00e1t mutattam volna.\"<\/p>\r\n<p class=\"font_9\">\u00a0<\/p>\r\n<p class=\"font_9\">A szupermodel\u00a0aki \u00e9vtizedek \u00f3ta tartja mag\u00e1t a \"minden napra egy sal\u00e1ta\"\u00a0 rutinj\u00e1hoz, nem eszik kenyeret, t\u00e9szt\u00e1t \u00e9s rizst, \u00e9s minden nap megissza a maga z\u00f6ldtea-adagj\u00e1t, \u00fagy gondolja, hogy n\u00e9mi b\u0171n\u00f6z\u00e9s b\u0151ven belef\u00e9r m\u00e9g egy model mindennapjaiba is: p\u00e9ld\u00e1ul egy kis fagylalt vagy csokol\u00e1d\u00e9, esetleg\u00a0 egy-egy finom kokt\u00e9l.\u00a0<\/p>\r\n<p class=\"font_9\">Crawford elmondta, hogy ez a fajta \u00e9lhet\u0151, m\u00e9rt\u00e9ktart\u00e1sra \u00e9s nem tilt\u00e1sra \u00e9p\u00fcl\u0151 di\u00e9ta sokat seg\u00edthet a\u00a0modelkarrierj\u00fck kezdet\u00e9n l\u00e9v\u0151, tizen\u00e9ves gyerekeinek.<\/p>\r\n<p class=\"font_9\">\u00a0<\/p>\r\n<p class=\"font_9\">\"F\u0151leg azt nem szerettem volna, hogy Kaia (16) azt l\u00e1ssa, hogy modellked\u00e9s egyet jelent a lemond\u00e1ssal, azzal hogy egy csom\u00f3 j\u00f3 dolog kimarad az \u00e9letedb\u0151l. Ennek nem kell \u00edgy lennie. A kulcs: a m\u00e9rt\u00e9kletess\u00e9g.\"<\/p>\r\n<p class=\"font_9\">Tal\u00e1n, hogy a napi j\u00e9gkr\u00e9mbevitel mindenk\u00e9ppen biztos\u00edtott legyen, Cindy Crawford a k\u00f6zelm\u00faltban r\u00e9szv\u00e9nyes lett a Coolhouse\u00a0 j\u00e9gkr\u00e9mgy\u00e1rt\u00f3 c\u00e9gben, ahol kifejlesztett\u00e9k a szem\u00e9lyes\u00a0 kedvenc\u00e9t: az el\u00e9g bizarrul hangz\u00f3\u00a0shake &amp; s\u00fcltkrumpli\u00a0\u00edz\u0171 fagylaltot.<\/p>\r\n<p class=\"font_9\">\u00a0<\/p>\r\n<div id=\"innercomp_txtMedias7q\" class=\"s_heNoSkinPhoto\" title=\"\">\r\n<div id=\"innercomp_txtMedias7qlink\" class=\"s_heNoSkinPhotolink\">\r\n<div id=\"innercomp_txtMedias7qimg\" class=\"s_heNoSkinPhotoimg\"><img id=\"innercomp_txtMedias7qimgimage\" class=\"aligncenter\" src=\"https:\/\/claudiaphotography.cafeblog.hu\/files\/2018\/11\/a77a51_f817dc8697e54fcc905faafd3a18de1dmv2-1.jpg\" alt=\"\" \/><\/div>\r\n<\/div>\r\n<\/div>\r\n<p>&nbsp;<\/p>\r\n<p class=\"font_9\">\"Eml\u00e9kszem, amikor kezd\u0151 modellk\u00e9nt Jap\u00e1nba\u00a0k\u00f6lt\u00f6ztem\u00e9s midnen annyira idegen volt, az egyetlen\u00a0ismer\u0151s dolog a McDonald's. Ha honv\u00e1gyam volt, csak elmentem a mekibe a szint\u00e9n amerikai szobat\u00e1rsammal, \u00e9s ettem egy kis s\u00fcltkrumplit, amit bele-beletunkoltam a csokishake-embe. Im\u00e1dtam. Amikor megl\u00e1ttam a Coolhouse Milkshake&amp;Fries nev\u0171 termk\u00e9t, arra gondoltam: \u00faristen, ez kell!\"<\/p>\r\n<p class=\"font_9\">El\u00e9g csak r\u00e1n\u00e9zni a Cindy Crawfordr\u00f3l \u00e9s a gy\u00f6ny\u00f6r\u0171 csal\u00e1dj\u00e1r\u00f3l k\u00e9sz\u00fclt fot\u00f3kra, vagy v\u00e9gigg\u00f6rgetni az Istagram oldal\u00e1t,\u00a0hogy minden szav\u00e1t felt\u00e9tel n\u00e9lk\u00fcl elhiggy\u00fck. Sz\u00f3val, fagyiz\u00e1sra fel!<\/p>\r\n<h3 class=\"font_3\">\u00a0<\/h3>\r\n<h3 class=\"font_3\"><a href=\"http:\/\/www.mindmegette.hu\/cindy-crawford-egyszeru-es-megengedo-dietaja-furcsa-izu-jegkremje-coolhouse-amit-imad-53841\/\" target=\"_blank\" rel=\"nofollow noopener\">Tov\u00e1bb a cikkre: <\/a><a href=\"http:\/\/www.mindmegette.hu\/cindy-crawford-egyszeru-es-megengedo-dietaja-furcsa-izu-jegkremje-coolhouse-amit-imad-53841\/\" target=\"_blank\" rel=\"nofollow noopener\">http:\/\/www.mindmegette.hu\/cindy-crawford-egyszeru-es-megengedo-dietaja-furcsa-izu-jegkremje-coolhouse-amit-imad-53841\/<\/a><\/h3>\r\n<h3>\u00a0<\/h3>\r\n<h3>\u00a0<\/h3>\r\n<h3 class=\"font_3\" style=\"text-align: center\">Raquel Welch Total Fitness<\/h3>\r\n<p>&nbsp;<\/p>\r\n<p>[embed]https:\/\/www.youtube.com\/watch?time_continue=792&amp;v=jLDkddFcfas[\/embed]<\/p>\r\n<p>&nbsp;<\/p>\r\n<p class=\"font_9\">A filmszt\u00e1r nem els\u0151sorban az alak\u00edt\u00e1sainak, sokkal ink\u00e1bb csod\u00e1s k\u00fclsej\u00e9nek k\u00f6sz\u00f6nhet\u0151en lett egy gener\u00e1ci\u00f3 els\u0151 sz\u00e1m\u00fa csillaga. Raquel m\u00e9g ma is ragyog, de vajon mi a titka?<\/p>\r\n<p class=\"font_9\">\u00a0<\/p>\r\n<div id=\"innercomp_txtMediafbw\" class=\"s_heNoSkinPhoto\" title=\"\">\r\n<div id=\"innercomp_txtMediafbwlink\" class=\"s_heNoSkinPhotolink\">\r\n<div id=\"innercomp_txtMediafbwimg\" class=\"s_heNoSkinPhotoimg\"><img id=\"innercomp_txtMediafbwimgimage\" class=\"aligncenter\" src=\"https:\/\/claudiaphotography.cafeblog.hu\/files\/2018\/11\/a77a51_24d447cdf63f4b148a364dfe141c85b4mv2-1.jpg\" alt=\"\" \/><\/div>\r\n<\/div>\r\n<\/div>\r\n<p class=\"font_9\"><span class=\"inherit-font-size\">\u00a0<\/span><\/p>\r\n<p class=\"font_9\">Bizony\u00e1ra m\u00e1r unalmas, de Welch szint\u00e9n j\u00f3garajong\u00f3. A sz\u00edn\u00e9szn\u0151 m\u00e1r 30 \u00e9ve \u0171zi ezt a mozg\u00e1sform\u00e1t, \u00e9s az\u00f3ta egyetlen napot sem hagyott ki. Emellett kardi\u00f3g\u00e9peken is edz, hogy m\u00e9g form\u00e1sabb legyen legend\u00e1s alakja.<\/p>\r\n<p class=\"font_9\">\u00a0<\/p>\r\n<div id=\"innercomp_txtMedia1x48\" class=\"s_heNoSkinPhoto\" title=\"\">\r\n<div id=\"innercomp_txtMedia1x48link\" class=\"s_heNoSkinPhotolink\">\r\n<div id=\"innercomp_txtMedia1x48img\" class=\"s_heNoSkinPhotoimg\"><img id=\"innercomp_txtMedia1x48imgimage\" class=\"aligncenter\" src=\"https:\/\/claudiaphotography.cafeblog.hu\/files\/2018\/11\/a77a51_37bee472f56747eeba274df6e244f4b7mv2-1.jpg\" alt=\"\" \/><\/div>\r\n<\/div>\r\n<\/div>\r\n<p class=\"font_9\">\u00a0<\/p>\r\n<p class=\"font_9\">Rachel tippje: T\u00f6rekedj a term\u00e9szetess\u00e9gre! A legfinomabb fog\u00e1sokat a friss, helyben termett id\u00e9nyz\u00f6ld\u00e9gekb\u0151l \u00e9s -gy\u00fcm\u00f6lcs\u00f6kb\u0151l lehet elk\u00e9sz\u00edteni.<\/p>\r\n<p class=\"font_9\">\u00a0<\/p>\r\n<p class=\"font_9\"><a href=\"http:\/\/www.mindmegette.hu\/bomba-formaban-60-70-evesen-is-tippek-sztarok-helen-mirren-jane-fonda-50403\/\" target=\"_blank\" rel=\"nofollow noopener\">Tov\u00e1bb a cikkre: http:\/\/www.mindmegette.hu\/bomba-formaban-60-70-evesen-is-tippek-sztarok-helen-mirren-jane-fonda-50403\/<\/a><\/p>\r\n<p>&nbsp;<\/p>\r\n<h3>\u00a0<\/h3>\r\n<h3 style=\"text-align: center\">Jane Fonda Fitness<\/h3>\r\n<p>&nbsp;<\/p>\r\n<p>[embed]https:\/\/www.youtube.com\/watch?v=Xr_MHNZKwL4[\/embed]<\/p>\r\n<p class=\"font_9\">A m\u00falt \u00e9vsz\u00e1zad aerobikkir\u00e1lyn\u0151je olyan remek form\u00e1ban van, hogy sim\u00e1n letagadhatna 20 \u00e9vet. \u00c1m Fonda kem\u00e9nyen meg is dolgozik karcs\u00fa alakj\u00e1\u00e9rt: hetente \u00f6t alkalommal v\u00e9gez legal\u00e1bb egy\u00f3r\u00e1s kardioedz\u00e9st, \u00e9s igen szigor\u00fa szab\u00e1lyok szerint t\u00e1pl\u00e1kozik. Egy\u00e1ltal\u00e1n nem fogyaszt tel\u00edtett, \u00e1llati eredet\u0171 zs\u00edrokban gazdag \u00e9teleket, viszont sok tengeri halat \u00e9s m\u00e9g t\u00f6bb p\u00e1rolt z\u00f6lds\u00e9get eszik. Az edz\u00e9sek miatt a sz\u00e9nhidr\u00e1tbevitelt is fontosnak tartja, \u00e9s a reggelit sosem hagyja el!<\/p>\r\n<p class=\"font_9\">\u00a0<\/p>\r\n<div id=\"innercomp_txtMediag6i\" class=\"s_heNoSkinPhoto\" title=\"\">\r\n<div id=\"innercomp_txtMediag6ilink\" class=\"s_heNoSkinPhotolink\">\r\n<div id=\"innercomp_txtMediag6iimg\" class=\"s_heNoSkinPhotoimg\"><img id=\"innercomp_txtMediag6iimgimage\" class=\"aligncenter\" src=\"https:\/\/claudiaphotography.cafeblog.hu\/files\/2018\/11\/a77a51_8dc8b654695c4bd2a93f069375236b4amv2-1.jpg\" alt=\"\" \/><\/div>\r\n<\/div>\r\n<\/div>\r\n<p class=\"font_9\"><span class=\"inherit-font-size\">\u00a0<\/span><\/p>\r\n<p class=\"font_9\">Jane Fonda tippje: \u201e\u00c9n minden \u00e9tkez\u00e9sn\u00e9l megford\u00edtom a szok\u00e1sos fel\u00e1ll\u00e1st: sz\u00e1momra p\u00e9ld\u00e1ul a z\u00f6lds\u00e9geken, a h\u00fcvelyeseken van a hangs\u00faly, a h\u00fas csak a k\u00f6ret.\u201d<\/p>\r\n<p>&nbsp;<\/p>\r\n<div id=\"innercomp_txtMedia1hjo\" class=\"s_heNoSkinPhoto\" title=\"\">\r\n<div id=\"innercomp_txtMedia1hjolink\" class=\"s_heNoSkinPhotolink\">\r\n<div id=\"innercomp_txtMedia1hjoimg\" class=\"s_heNoSkinPhotoimg\"><img id=\"innercomp_txtMedia1hjoimgimage\" class=\"aligncenter\" src=\"https:\/\/claudiaphotography.cafeblog.hu\/files\/2018\/11\/a77a51_f1bc14c1affd4ecaae18c6fa37dfd0e5mv2_d_1858_1246_s_2-1.jpg\" alt=\"\" \/><\/div>\r\n<\/div>\r\n<\/div>\r\n<p class=\"font_9\">\u00a0<\/p>\r\n<p class=\"font_9\"><a href=\"http:\/\/www.mindmegette.hu\/bomba-formaban-60-70-evesen-is-tippek-sztarok-helen-mirren-jane-fonda-50403\/\" target=\"_blank\" rel=\"nofollow noopener\">Tov\u00e1bb a cikkre: http:\/\/www.mindmegette.hu\/bomba-formaban-60-70-evesen-is-tippek-sztarok-helen-mirren-jane-fonda-50403\/<\/a><\/p>\r\n<h3 class=\"font_8\" style=\"text-align: center\">Amennyiben tetszett a cikk \u00e9s szeretn\u00e9l t\u00f6bbet megtudni r\u00f3lam, kattints weboldalamra:\u00a0<\/h3>\r\n<h3 class=\"font_8\" style=\"text-align: center\"><a href=\"http:\/\/claudiaphotography.wixsite.com\/claudiaphotography\">http:\/\/claudiaphotography.wixsite.com\/claudiaphotography<\/a><\/h3>\r\n<p>&nbsp;<\/p>","type":"rich","thumbnail_url":"https:\/\/claudiaphotography.cafeblog.hu\/files\/2018\/11\/f817ec6676f1f5140d4dd38a9d933d16-1-150x150.jpg","thumbnail_width":150,"thumbnail_height":150}